{"id":5164,"date":"2018-03-12T16:54:30","date_gmt":"2018-03-12T15:54:30","guid":{"rendered":"https:\/\/inandout-records.com\/news"},"modified":"2025-12-05T10:19:35","modified_gmt":"2025-12-05T09:19:35","slug":"news","status":"publish","type":"page","link":"https:\/\/inandout-records.com\/de\/news","title":{"rendered":"News"},"content":{"rendered":"<div class=\"inner-content\"><div class=\"iao-field-wrapper highlight no-margin\"><div class=\"newsbox\"><div class=\"newsbox-inner\"><div class=\"header\"><div class=\"kicker\">14. November 2025<\/div><div class=\"heading\">Preis der deutschen Schallplattenkritik<\/div><\/div><div class=\"content\"><p style=\"text-align: center;\">Karl Ratzer Trio<br \/>\n<em><span style=\"font-size: 14pt;\">&#8220;Vienna Red&#8221;<br \/>\n<\/span><\/em>wurde durch Aufnahme in die Bestenliste 04\/2025 mit dem<br \/>\n<strong><span style=\"font-size: 18pt;\">Preis der deutschen Schallplattenkritik<\/span> <\/strong><br \/>\nausgezeichnet!<\/p>\n<p style=\"text-align: center;\">\n<img decoding=\"async\" loading=\"lazy\" class=\"aligncenter size-medium wp-image-7084\" src=\"https:\/\/inandout-records.com\/wp-content\/uploads\/2025\/11\/798747716024_PdSK-300x300.jpg\" alt=\"\" width=\"300\" height=\"300\" srcset=\"https:\/\/inandout-records.com\/wp-content\/uploads\/2025\/11\/798747716024_PdSK-300x300.jpg 300w, https:\/\/inandout-records.com\/wp-content\/uploads\/2025\/11\/798747716024_PdSK-1024x1024.jpg 1024w, https:\/\/inandout-records.com\/wp-content\/uploads\/2025\/11\/798747716024_PdSK-150x150.jpg 150w, https:\/\/inandout-records.com\/wp-content\/uploads\/2025\/11\/798747716024_PdSK-768x768.jpg 768w, https:\/\/inandout-records.com\/wp-content\/uploads\/2025\/11\/798747716024_PdSK-1536x1536.jpg 1536w, https:\/\/inandout-records.com\/wp-content\/uploads\/2025\/11\/798747716024_PdSK-2048x2048.jpg 2048w, https:\/\/inandout-records.com\/wp-content\/uploads\/2025\/11\/798747716024_PdSK-500x500.jpg 500w, https:\/\/inandout-records.com\/wp-content\/uploads\/2025\/11\/798747716024_PdSK-1000x1000.jpg 1000w, https:\/\/inandout-records.com\/wp-content\/uploads\/2025\/11\/798747716024_PdSK-395x395.jpg 395w, https:\/\/inandout-records.com\/wp-content\/uploads\/2025\/11\/798747716024_PdSK-82x82.jpg 82w, https:\/\/inandout-records.com\/wp-content\/uploads\/2025\/11\/798747716024_PdSK-95x95.jpg 95w, https:\/\/inandout-records.com\/wp-content\/uploads\/2025\/11\/798747716024_PdSK-600x600.jpg 600w, https:\/\/inandout-records.com\/wp-content\/uploads\/2025\/11\/798747716024_PdSK-100x100.jpg 100w\" sizes=\"(max-width: 300px) 100vw, 300px\" \/><\/p>\n<p>&nbsp;<\/p>\n<p style=\"text-align: center;\"><span style=\"font-size: 14pt;\"><strong>WIR GRATULIEREN!<\/strong><\/span><\/p>\n<\/div><\/div><\/div><\/div><div class=\"iao-field-wrapper highlight no-margin\"><div class=\"newsbox\"><div class=\"newsbox-inner\"><div class=\"header\"><div class=\"kicker\">7. November 2025<\/div><div class=\"heading\">Grammy Nominierung<\/div><\/div><div class=\"content\"><p style=\"text-align: center;\">Sun Ra Arkestra<br \/>\n<em><span style=\"font-size: 14pt;\">&#8220;Lights On A Satellite&#8221;<\/span><\/em><br \/>\nist nominiert in der Kategorie<br \/>\n<strong><span style=\"font-size: 18pt;\">BEST LARGE JAZZ ENSEMBLE ALBUM<\/span><\/strong><\/p>\n<p><img decoding=\"async\" loading=\"lazy\" class=\"aligncenter size-medium wp-image-6196\" src=\"https:\/\/inandout-records.com\/wp-content\/uploads\/2024\/08\/798747715829-300x300.jpg\" alt=\"\" width=\"300\" height=\"300\" srcset=\"https:\/\/inandout-records.com\/wp-content\/uploads\/2024\/08\/798747715829-300x300.jpg 300w, https:\/\/inandout-records.com\/wp-content\/uploads\/2024\/08\/798747715829-1024x1024.jpg 1024w, https:\/\/inandout-records.com\/wp-content\/uploads\/2024\/08\/798747715829-150x150.jpg 150w, https:\/\/inandout-records.com\/wp-content\/uploads\/2024\/08\/798747715829-768x768.jpg 768w, https:\/\/inandout-records.com\/wp-content\/uploads\/2024\/08\/798747715829-1536x1536.jpg 1536w, https:\/\/inandout-records.com\/wp-content\/uploads\/2024\/08\/798747715829-2048x2048.jpg 2048w, https:\/\/inandout-records.com\/wp-content\/uploads\/2024\/08\/798747715829-500x500.jpg 500w, https:\/\/inandout-records.com\/wp-content\/uploads\/2024\/08\/798747715829-1000x1000.jpg 1000w, https:\/\/inandout-records.com\/wp-content\/uploads\/2024\/08\/798747715829-395x395.jpg 395w, https:\/\/inandout-records.com\/wp-content\/uploads\/2024\/08\/798747715829-82x82.jpg 82w, https:\/\/inandout-records.com\/wp-content\/uploads\/2024\/08\/798747715829-95x95.jpg 95w, https:\/\/inandout-records.com\/wp-content\/uploads\/2024\/08\/798747715829-600x600.jpg 600w, https:\/\/inandout-records.com\/wp-content\/uploads\/2024\/08\/798747715829-100x100.jpg 100w\" sizes=\"(max-width: 300px) 100vw, 300px\" \/><\/p>\n<p>&nbsp;<\/p>\n<p style=\"text-align: center;\"><span style=\"font-size: 14pt;\"><strong>WIR GRATULIEREN!<br \/>\n<\/strong><\/span>Die Preisverleihung findet am 1. Februar statt.<\/p>\n<\/div><\/div><\/div><\/div><div class=\"iao-field-wrapper highlight\"><div class=\"newsbox\"><div class=\"newsbox-inner\"><div class=\"header\"><div class=\"kicker\">13. Juni 2025<\/div><div class=\"heading\">Marshall Allen gewinnt den Deutschen Jazz Preis<\/div><\/div><div class=\"content\"><p><img decoding=\"async\" loading=\"lazy\" class=\"alignleft size-full wp-image-6817\" src=\"https:\/\/inandout-records.com\/wp-content\/uploads\/2025\/06\/Marshall-Jazzpreis.jpg\" alt=\"\" width=\"1080\" height=\"1350\" srcset=\"https:\/\/inandout-records.com\/wp-content\/uploads\/2025\/06\/Marshall-Jazzpreis.jpg 1080w, https:\/\/inandout-records.com\/wp-content\/uploads\/2025\/06\/Marshall-Jazzpreis-240x300.jpg 240w, https:\/\/inandout-records.com\/wp-content\/uploads\/2025\/06\/Marshall-Jazzpreis-819x1024.jpg 819w, https:\/\/inandout-records.com\/wp-content\/uploads\/2025\/06\/Marshall-Jazzpreis-768x960.jpg 768w, https:\/\/inandout-records.com\/wp-content\/uploads\/2025\/06\/Marshall-Jazzpreis-500x625.jpg 500w, https:\/\/inandout-records.com\/wp-content\/uploads\/2025\/06\/Marshall-Jazzpreis-1000x1250.jpg 1000w, https:\/\/inandout-records.com\/wp-content\/uploads\/2025\/06\/Marshall-Jazzpreis-600x750.jpg 600w\" sizes=\"(max-width: 1080px) 100vw, 1080px\" \/><\/p>\n<div class=\"BorlabsCookie\"><div class=\"_brlbs-content-blocker\"> <div class=\"_brlbs-embed _brlbs-video-youtube\"> <img class=\"_brlbs-thumbnail\" src=\"https:\/\/inandout-records.com\/wp-content\/plugins\/borlabs-cookie\/images\/cb-no-thumbnail.png\" alt=\"YouTube\"> <div class=\"_brlbs-caption\"> <p>Mit dem Laden des Videos akzeptieren Sie die Datenschutzerkl\u00e4rung von YouTube.<br><a href=\"https:\/\/policies.google.com\/privacy\" target=\"_blank\" rel=\"nofollow noopener noreferrer\">Mehr erfahren<\/a><\/p> <p><a class=\"_brlbs-btn _brlbs-icon-play-white\" href=\"#\" data-borlabs-cookie-unblock role=\"button\">Video laden<\/a><\/p> <p><label><input type=\"checkbox\" name=\"unblockAll\" value=\"1\" checked> <small>YouTube immer entsperren<\/small><\/label><\/p> <\/div> <\/div> <\/div><div class=\"borlabs-hide\" data-borlabs-cookie-type=\"content-blocker\" data-borlabs-cookie-id=\"youtube\"><script type=\"text\/template\">PHA+PGlmcmFtZSBsb2FkaW5nPSJsYXp5IiB0aXRsZT0iWW91VHViZSB2aWRlbyBwbGF5ZXIiIHNyYz0iaHR0cHM6Ly93d3cueW91dHViZS1ub2Nvb2tpZS5jb20vZW1iZWQvQ01JYklaUHY2Qms\/c2k9UTJnYmZ6cmhYREVmTkNzRSZhbXA7c3RhcnQ9NzM5OSIgd2lkdGg9IjU2MCIgaGVpZ2h0PSIzMTUiIGZyYW1lYm9yZGVyPSIwIiBhbGxvd2Z1bGxzY3JlZW49ImFsbG93ZnVsbHNjcmVlbiI+PC9pZnJhbWU+PC9wPg==<\/script><\/div><\/div>\n<\/div><\/div><\/div><\/div><div class=\"iao-field-wrapper highlight\"><div class=\"newsbox\"><div class=\"newsbox-inner\"><div class=\"header\"><div class=\"kicker\">07. Januar 2025<\/div><div class=\"heading\">Sibylle Zerr \u2020<\/div><\/div><div class=\"content\"><p><img decoding=\"async\" loading=\"lazy\" class=\"size-full wp-image-6544 aligncenter\" src=\"https:\/\/inandout-records.com\/wp-content\/uploads\/2025\/01\/Sibylle_Zerr-sw.jpg\" alt=\"\" width=\"960\" height=\"641\" srcset=\"https:\/\/inandout-records.com\/wp-content\/uploads\/2025\/01\/Sibylle_Zerr-sw.jpg 960w, https:\/\/inandout-records.com\/wp-content\/uploads\/2025\/01\/Sibylle_Zerr-sw-300x200.jpg 300w, https:\/\/inandout-records.com\/wp-content\/uploads\/2025\/01\/Sibylle_Zerr-sw-768x513.jpg 768w, https:\/\/inandout-records.com\/wp-content\/uploads\/2025\/01\/Sibylle_Zerr-sw-500x334.jpg 500w, https:\/\/inandout-records.com\/wp-content\/uploads\/2025\/01\/Sibylle_Zerr-sw-600x401.jpg 600w\" sizes=\"(max-width: 960px) 100vw, 960px\" \/><\/p>\n<p>&nbsp;<\/p>\n<p>Fassungslos und in tiefer Trauer m\u00fcssen wir mitteilen, dass unsere langj\u00e4hrige Freundin und Kollegin <strong>Sibylle Zerr<\/strong> am 31.12.2024 nach kurzer und schwerer Krankheit von uns gegangen ist. Noch im vergangenen Juni hat die Fotografin und Autorin (unter anderem von \u201ePicture Infinity. Marshall Allen &amp; The Sun Ra Arkestra\u201c) Frank Kleinschmidt nach New York ins Power Station Studio begleitet, um die Aufnahmen zum neuen Album des Sun Ra Arkestras zu dokumentieren. Bereits vor zehn Jahren hat Sibylle das Sun Ra Arkestra in Istanbul f\u00fcr IN+OUT Records mit der Kamera portraitiert. F\u00fcr das aktuelle Album hat sie nicht nur fotografiert, sondern auch die Liner Notes verfasst. Die Kombination von Bildern und Texten war Sibylles Ansatz, den Dingen auf den Grund zu gehen. Zu diesen Dingen geh\u00f6rte sehr oft auch die Musik. So reiste sie bereits 2004 als Blues- und Jazz-Botschafterin des legend\u00e4ren Weinheimer Muddy\u00b4s Club nach New Orleans. Ihre Erlebnisse und Begegnungen hielt sie in ihrem Buch \u201eBlues f\u00fcr einen Schmetterling\u201c fest.<\/p>\n<p>Wir werden sie schmerzlich vermissen.<br \/>\nUnser Mitgef\u00fchl gilt ihrem Mann Osman sowie Ihrer Famlie.<\/p>\n<p><em>Traueradresse:<\/em><br \/>\n<em>Osman Al-Qahtani, Hauptstr. 26, 78730 Lauterbach<\/em><\/p>\n<\/div><\/div><\/div><\/div><div class=\"iao-field-wrapper highlight\"><div class=\"newsbox\"><div class=\"newsbox-inner\"><div class=\"header\"><div class=\"kicker\">05. Juni 2023<\/div><div class=\"heading\">Karl Ratzer mit Amadeus ausgezeichnet<\/div><\/div><div class=\"content\"><p>F\u00fcr sein musikalisches Lebenswerk erh\u00e4lt Karl Ratzer am 28. April den \u201eAmadeus\u201c. Das \u00f6sterreichische Fernsehen \u00fcbertr\u00e4gt die \u201eAward Show\u201c aus dem Wiener Volkstheater ab 22.50 Uhr. Die \u201eAustrian Music Awards\u201c ehren mit dem Gitarristen einen Musiker, der seit Jahrzehnten zur absoluten Weltspitze in Jazz und Rock z\u00e4hlt.<\/p>\n<p><img decoding=\"async\" loading=\"lazy\" class=\"alignleft size-large wp-image-5458\" src=\"https:\/\/inandout-records.com\/wp-content\/uploads\/2023\/04\/Karl-Ratzer-2017-master-color-druck-L1100096-1024x681.jpg\" alt=\"\" width=\"474\" height=\"315\" srcset=\"https:\/\/inandout-records.com\/wp-content\/uploads\/2023\/04\/Karl-Ratzer-2017-master-color-druck-L1100096-1024x681.jpg 1024w, https:\/\/inandout-records.com\/wp-content\/uploads\/2023\/04\/Karl-Ratzer-2017-master-color-druck-L1100096-300x200.jpg 300w, https:\/\/inandout-records.com\/wp-content\/uploads\/2023\/04\/Karl-Ratzer-2017-master-color-druck-L1100096-768x511.jpg 768w, https:\/\/inandout-records.com\/wp-content\/uploads\/2023\/04\/Karl-Ratzer-2017-master-color-druck-L1100096-1536x1022.jpg 1536w, https:\/\/inandout-records.com\/wp-content\/uploads\/2023\/04\/Karl-Ratzer-2017-master-color-druck-L1100096-2048x1362.jpg 2048w, https:\/\/inandout-records.com\/wp-content\/uploads\/2023\/04\/Karl-Ratzer-2017-master-color-druck-L1100096-500x333.jpg 500w, https:\/\/inandout-records.com\/wp-content\/uploads\/2023\/04\/Karl-Ratzer-2017-master-color-druck-L1100096-1000x665.jpg 1000w, https:\/\/inandout-records.com\/wp-content\/uploads\/2023\/04\/Karl-Ratzer-2017-master-color-druck-L1100096-600x399.jpg 600w\" sizes=\"(max-width: 474px) 100vw, 474px\" \/><\/p>\n<p>Der \u201eAmadeus \u2013 Austrian Music Award\u201c ist der wichtigste \u00f6sterreichische Musikpreis. Er wird seit mehr als 20 Jahren in verschiedenen Kategorien an die erfolgreichsten \u00f6sterreichischen Musiker\/-innen verliehen.<\/p>\n<p>Ratzer brachte sich als Kind selbst das Gitarre spielen bei und spielte in Bands wie den Vienna Beatles, den Slaves und Gipsy Love, wodurch er zu einem der bekanntesten Rockgitarristen im deutschsprachigen Raum aufstieg. Die 1970er-Jahre verbrachte er in New York, wo er mit Gr\u00f6\u00dfen wie Chaka Khan, Joe Chambers, Eddie Gomez, Chet Baker, Jeremy Steig und Bob Mintzer spielte.<\/p>\n<p>Bei IN+OUT erschienen: <a href=\"https:\/\/inandout-records.com\/de\/product\/karl-ratzerorganic-stew-lp\">&#8220;Organic Stew&#8221; als Limited Audiophile Signature Edition<\/a>.<\/p>\n<\/div><\/div><\/div><\/div><\/div>","protected":false},"excerpt":{"rendered":"<p>14. November 2025Preis der deutschen SchallplattenkritikKarl Ratzer Trio &#8220;Vienna Red&#8221; wurde durch Aufnahme in die Bestenliste 04\/2025 mit dem Preis der deutschen Schallplattenkritik ausgezeichnet! &nbsp; WIR GRATULIEREN! 7. November 2025Grammy NominierungSun Ra Arkestra &#8220;Lights On A Satellite&#8221; ist nominiert in der Kategorie BEST LARGE JAZZ ENSEMBLE ALBUM &nbsp; WIR GRATULIEREN! Die Preisverleihung findet am 1. [&hellip;]<\/p>\n","protected":false},"author":1,"featured_media":0,"parent":0,"menu_order":0,"comment_status":"closed","ping_status":"closed","template":"","meta":[],"acf":[],"yoast_head":"<!-- This site is optimized with the Yoast SEO plugin v21.1 - https:\/\/yoast.com\/wordpress\/plugins\/seo\/ -->\n<title>News - IN+OUT Records GmbH<\/title>\n<meta name=\"robots\" content=\"index, follow, max-snippet:-1, max-image-preview:large, max-video-preview:-1\" \/>\n<link rel=\"canonical\" href=\"https:\/\/inandout-records.com\/de\/news\" \/>\n<meta property=\"og:locale\" content=\"de_DE\" \/>\n<meta property=\"og:type\" content=\"article\" \/>\n<meta property=\"og:title\" content=\"News - IN+OUT Records GmbH\" \/>\n<meta property=\"og:description\" content=\"14. November 2025Preis der deutschen SchallplattenkritikKarl Ratzer Trio &#8220;Vienna Red&#8221; wurde durch Aufnahme in die Bestenliste 04\/2025 mit dem Preis der deutschen Schallplattenkritik ausgezeichnet! &nbsp; WIR GRATULIEREN! 7. November 2025Grammy NominierungSun Ra Arkestra &#8220;Lights On A Satellite&#8221; ist nominiert in der Kategorie BEST LARGE JAZZ ENSEMBLE ALBUM &nbsp; WIR GRATULIEREN! Die Preisverleihung findet am 1. [&hellip;]\" \/>\n<meta property=\"og:url\" content=\"https:\/\/inandout-records.com\/de\/news\" \/>\n<meta property=\"og:site_name\" content=\"IN+OUT Records GmbH\" \/>\n<meta property=\"article:modified_time\" content=\"2025-12-05T09:19:35+00:00\" \/>\n<meta name=\"twitter:card\" content=\"summary_large_image\" \/>\n<script type=\"application\/ld+json\" class=\"yoast-schema-graph\">{\"@context\":\"https:\/\/schema.org\",\"@graph\":[{\"@type\":\"WebPage\",\"@id\":\"https:\/\/inandout-records.com\/de\/news\",\"url\":\"https:\/\/inandout-records.com\/de\/news\",\"name\":\"News - IN+OUT Records GmbH\",\"isPartOf\":{\"@id\":\"https:\/\/inandout-records.com\/de#website\"},\"datePublished\":\"2018-03-12T15:54:30+00:00\",\"dateModified\":\"2025-12-05T09:19:35+00:00\",\"breadcrumb\":{\"@id\":\"https:\/\/inandout-records.com\/de\/news#breadcrumb\"},\"inLanguage\":\"de\",\"potentialAction\":[{\"@type\":\"ReadAction\",\"target\":[\"https:\/\/inandout-records.com\/de\/news\"]}]},{\"@type\":\"BreadcrumbList\",\"@id\":\"https:\/\/inandout-records.com\/de\/news#breadcrumb\",\"itemListElement\":[{\"@type\":\"ListItem\",\"position\":1,\"name\":\"Home\",\"item\":\"https:\/\/inandout-records.com\/de\"},{\"@type\":\"ListItem\",\"position\":2,\"name\":\"News\"}]},{\"@type\":\"WebSite\",\"@id\":\"https:\/\/inandout-records.com\/de#website\",\"url\":\"https:\/\/inandout-records.com\/de\",\"name\":\"IN+OUT Records GmbH\",\"description\":\"independent jazz label\",\"potentialAction\":[{\"@type\":\"SearchAction\",\"target\":{\"@type\":\"EntryPoint\",\"urlTemplate\":\"https:\/\/inandout-records.com\/de?s={search_term_string}\"},\"query-input\":\"required name=search_term_string\"}],\"inLanguage\":\"de\"}]}<\/script>\n<!-- \/ Yoast SEO plugin. -->","yoast_head_json":{"title":"News - IN+OUT Records GmbH","robots":{"index":"index","follow":"follow","max-snippet":"max-snippet:-1","max-image-preview":"max-image-preview:large","max-video-preview":"max-video-preview:-1"},"canonical":"https:\/\/inandout-records.com\/de\/news","og_locale":"de_DE","og_type":"article","og_title":"News - IN+OUT Records GmbH","og_description":"14. November 2025Preis der deutschen SchallplattenkritikKarl Ratzer Trio &#8220;Vienna Red&#8221; wurde durch Aufnahme in die Bestenliste 04\/2025 mit dem Preis der deutschen Schallplattenkritik ausgezeichnet! &nbsp; WIR GRATULIEREN! 7. November 2025Grammy NominierungSun Ra Arkestra &#8220;Lights On A Satellite&#8221; ist nominiert in der Kategorie BEST LARGE JAZZ ENSEMBLE ALBUM &nbsp; WIR GRATULIEREN! Die Preisverleihung findet am 1. [&hellip;]","og_url":"https:\/\/inandout-records.com\/de\/news","og_site_name":"IN+OUT Records GmbH","article_modified_time":"2025-12-05T09:19:35+00:00","twitter_card":"summary_large_image","schema":{"@context":"https:\/\/schema.org","@graph":[{"@type":"WebPage","@id":"https:\/\/inandout-records.com\/de\/news","url":"https:\/\/inandout-records.com\/de\/news","name":"News - IN+OUT Records GmbH","isPartOf":{"@id":"https:\/\/inandout-records.com\/de#website"},"datePublished":"2018-03-12T15:54:30+00:00","dateModified":"2025-12-05T09:19:35+00:00","breadcrumb":{"@id":"https:\/\/inandout-records.com\/de\/news#breadcrumb"},"inLanguage":"de","potentialAction":[{"@type":"ReadAction","target":["https:\/\/inandout-records.com\/de\/news"]}]},{"@type":"BreadcrumbList","@id":"https:\/\/inandout-records.com\/de\/news#breadcrumb","itemListElement":[{"@type":"ListItem","position":1,"name":"Home","item":"https:\/\/inandout-records.com\/de"},{"@type":"ListItem","position":2,"name":"News"}]},{"@type":"WebSite","@id":"https:\/\/inandout-records.com\/de#website","url":"https:\/\/inandout-records.com\/de","name":"IN+OUT Records GmbH","description":"independent jazz label","potentialAction":[{"@type":"SearchAction","target":{"@type":"EntryPoint","urlTemplate":"https:\/\/inandout-records.com\/de?s={search_term_string}"},"query-input":"required name=search_term_string"}],"inLanguage":"de"}]}},"_links":{"self":[{"href":"https:\/\/inandout-records.com\/de\/wp-json\/wp\/v2\/pages\/5164"}],"collection":[{"href":"https:\/\/inandout-records.com\/de\/wp-json\/wp\/v2\/pages"}],"about":[{"href":"https:\/\/inandout-records.com\/de\/wp-json\/wp\/v2\/types\/page"}],"author":[{"embeddable":true,"href":"https:\/\/inandout-records.com\/de\/wp-json\/wp\/v2\/users\/1"}],"replies":[{"embeddable":true,"href":"https:\/\/inandout-records.com\/de\/wp-json\/wp\/v2\/comments?post=5164"}],"version-history":[{"count":20,"href":"https:\/\/inandout-records.com\/de\/wp-json\/wp\/v2\/pages\/5164\/revisions"}],"predecessor-version":[{"id":7110,"href":"https:\/\/inandout-records.com\/de\/wp-json\/wp\/v2\/pages\/5164\/revisions\/7110"}],"wp:attachment":[{"href":"https:\/\/inandout-records.com\/de\/wp-json\/wp\/v2\/media?parent=5164"}],"curies":[{"name":"wp","href":"https:\/\/api.w.org\/{rel}","templated":true}]}}